{"id":10716,"date":"2022-03-17T16:41:59","date_gmt":"2022-03-17T15:41:59","guid":{"rendered":"https:\/\/alt2.klangforum.at\/projects\/outhear-new-music-week\/"},"modified":"2022-04-08T16:21:02","modified_gmt":"2022-04-08T14:21:02","slug":"outhear-new-music-week","status":"publish","type":"page","link":"https:\/\/alt2.klangforum.at\/en\/startseite\/know-how\/outhear-new-music-week\/","title":{"rendered":"outHEAR New Music Week"},"content":{"rendered":"<p><div class=\"fusion-fullwidth fullwidth-box fusion-builder-row-1 fusion-flex-container nonhundred-percent-fullwidth non-hundred-percent-height-scrolling\" style=\"background-color: #ffffff;background-position: center center;background-repeat: no-repeat;border-width: 0px 0px 0px 0px;border-color:#eae9e9;border-style:solid;\" ><div class=\"fusion-builder-row fusion-row fusion-flex-align-items-flex-start fusion-flex-justify-content-center\" style=\"max-width:98.8%;margin-left: calc(-4% \/ 2 );margin-right: calc(-4% \/ 2 );\"><div class=\"fusion-layout-column fusion_builder_column fusion-builder-column-0 fusion_builder_column_4_5 4_5 fusion-flex-column\"><div class=\"fusion-column-wrapper fusion-flex-justify-content-flex-start fusion-content-layout-column\" style=\"background-position:left top;background-repeat:no-repeat;-webkit-background-size:cover;-moz-background-size:cover;-o-background-size:cover;background-size:cover;padding: 0px 0px 0px 0px;\"><div ><span class=\" fusion-imageframe imageframe-none imageframe-1 hover-type-none\"><img width=\"2598\" height=\"1268\" alt=\"\u00a9 Kostas Mantziaris\" title=\"outhear\" src=\"data:image\/svg+xml,%3Csvg%20xmlns%3D%27http%3A%2F%2Fwww.w3.org%2F2000%2Fsvg%27%20width%3D%272598%27%20height%3D%271268%27%20viewBox%3D%270%200%202598%201268%27%3E%3Crect%20width%3D%272598%27%20height%3D%271268%27%20fill-opacity%3D%220%22%2F%3E%3C%2Fsvg%3E\" data-orig-src=\"https:\/\/alt2.klangforum.at\/wp-content\/uploads\/2022\/03\/outhear.jpg\" class=\"lazyload img-responsive wp-image-10674\"\/><\/span><\/div><div class=\"fusion-text fusion-text-1\"><p>\u00a9 Kostas Mantziaris<\/p>\n<\/div><style type=\"text\/css\">@media only screen and (max-width:1540px) {.fusion-title.fusion-title-1{margin-top:10px!important; margin-right:0px!important;margin-bottom:15px!important;margin-left:0px!important;}}@media only screen and (max-width:800px) {.fusion-title.fusion-title-1{margin-top:10px!important; margin-right:0px!important;margin-bottom:10px!important; margin-left:0px!important;}}<\/style><div class=\"fusion-title title fusion-title-1 fusion-sep-none fusion-title-text fusion-title-size-one\" style=\"margin-top:10px;margin-right:0px;margin-bottom:15px;margin-left:0px;\"><h1 class=\"title-heading-left fusion-responsive-typography-calculated\" style=\"margin:0;--fontSize:60;line-height:1.16;\"><h1 style=\"text-align: left;\">outHEAR New Music Week<\/h1><\/h1><\/div><div class=\"fusion-text fusion-text-2\"><p>Together with Performance Practice in Contemporary Music (PPCM) students, members of Klangforum Wien attend the outHEAR New Music Week \u2013 an international symposium and masterclass for composition in Larissa, where they share their knowledge of New Music with a young generation of musicians and composers in workshops and instrumental courses.<\/p>\n<p>The outHEAR New Music Week, is an international symposium and master class for composition, featuring Ensemble Klangforum Wien in collaboration with four members of Performance Practice in Contemporary Music (PPCM) ensemble. It is organized by the Mayoralty of Culture and Sciences of the City of Larissa (Panos Sapkas, deputy mayor) and it is taking place from April 1st &#8211; April 10th, 2022 at the Municipal Conservatory of Larissa.<\/p>\n<p>The outHear New Music Week was initiated by Christos Lenoutsos, pianist, and is co-organized by the University of Music and Performing Arts in Graz, the Department of Music Studies of the Aristotle University of Thessaloniki. It is supported by the Austrian Embassy in Athens, Greece.<\/p>\n<p>The outHEAR Symposium and Master Class in composition is an intensive curriculum in composition. Composers work closely with members of Klangforum Wien and distinguished faculty, Franck Bedrossian, Dimitri Papageorgiou, and Orestis Toufektsis, in one-on-one lessons and mentoring, masterclasses, coaching, rehearsals, discussions, and performances.<\/p>\n<p>During the first three days, composer fellows and faculty will also present their artistic research at the Symposium, an opportunity for all participants to share with each other their unique perspective on composition, techniques, and innovations. During the week, the performers of the Ensemble Klangforum will offer workshops on extended instrumental techniques.<\/p>\n<p>The 3rd Edition of the outHEAR New Music Week is made possible with the friendly support of the Ernst von Siemens Music Foundation.<\/p>\n<\/div><\/div><style type=\"text\/css\">.fusion-body .fusion-builder-column-0{width:80% !important;margin-top : 0px;margin-bottom : 20px;}.fusion-builder-column-0 > .fusion-column-wrapper {padding-top : 0px !important;padding-right : 0px !important;margin-right : 2.4%;padding-bottom : 0px !important;padding-left : 0px !important;margin-left : 2.4%;}@media only screen and (max-width:1540px) {.fusion-body .fusion-builder-column-0{width:80% !important;order : 0;}.fusion-builder-column-0 > .fusion-column-wrapper {margin-right : 2.4%;margin-left : 2.4%;}}@media only screen and (max-width:800px) {.fusion-body .fusion-builder-column-0{width:100% !important;order : 0;}.fusion-builder-column-0 > .fusion-column-wrapper {margin-right : 1.92%;margin-left : 1.92%;}}<\/style><\/div><div class=\"fusion-layout-column fusion_builder_column fusion-builder-column-1 fusion_builder_column_4_5 4_5 fusion-flex-column\"><div class=\"fusion-column-wrapper fusion-flex-justify-content-flex-start fusion-content-layout-column\" style=\"background-position:left top;background-repeat:no-repeat;-webkit-background-size:cover;-moz-background-size:cover;-o-background-size:cover;background-size:cover;padding: 0px 0px 0px 0px;\"><div class=\"fusion-text fusion-text-3\"><h1>Ensemble in Residence<\/h1>\n<\/div><div class=\"fusion-text fusion-text-4\"><h2>Klangforum Wien<\/h2>\n<p>This year&#8217;s outHEAR New Music Week will be attended by four members of Klangforum Wien, who will give workshops on new music instrumental techniques in the course of the symposium.<\/p>\n<\/div><\/div><style type=\"text\/css\">.fusion-body .fusion-builder-column-1{width:80% !important;margin-top : 0px;margin-bottom : 20px;}.fusion-builder-column-1 > .fusion-column-wrapper {padding-top : 0px !important;padding-right : 0px !important;margin-right : 2.4%;padding-bottom : 0px !important;padding-left : 0px !important;margin-left : 2.4%;}@media only screen and (max-width:1540px) {.fusion-body .fusion-builder-column-1{width:80% !important;order : 0;}.fusion-builder-column-1 > .fusion-column-wrapper {margin-right : 2.4%;margin-left : 2.4%;}}@media only screen and (max-width:800px) {.fusion-body .fusion-builder-column-1{width:100% !important;order : 0;}.fusion-builder-column-1 > .fusion-column-wrapper {margin-right : 1.92%;margin-left : 1.92%;}}<\/style><\/div><\/div><style type=\"text\/css\">.fusion-body .fusion-flex-container.fusion-builder-row-1{ padding-top : 0px;margin-top : 0px;padding-right : 0px;padding-bottom : 0px;margin-bottom : 0px;padding-left : 0px;}<\/style><\/div><div class=\"fusion-fullwidth fullwidth-box fusion-builder-row-2 fusion-flex-container nonhundred-percent-fullwidth non-hundred-percent-height-scrolling\" style=\"background-color: #ffffff;background-position: center center;background-repeat: no-repeat;border-width: 0px 0px 0px 0px;border-color:#eae9e9;border-style:solid;\" ><div class=\"fusion-builder-row fusion-row fusion-flex-align-items-flex-start fusion-flex-justify-content-center\" style=\"max-width:98.8%;margin-left: calc(-4% \/ 2 );margin-right: calc(-4% \/ 2 );\"><div class=\"fusion-layout-column fusion_builder_column fusion-builder-column-2 fusion_builder_column_1_5 1_5 fusion-flex-column\"><div class=\"fusion-column-wrapper fusion-flex-justify-content-flex-start fusion-content-layout-column\" style=\"background-position:left top;background-repeat:no-repeat;-webkit-background-size:cover;-moz-background-size:cover;-o-background-size:cover;background-size:cover;padding: 0px 0px 0px 0px;\"><div ><span class=\" fusion-imageframe imageframe-none imageframe-2 hover-type-none\"><img width=\"200\" height=\"300\" title=\"sophie_schafleitner1_c_tina_herzl\" src=\"https:\/\/alt2.klangforum.at\/wp-content\/uploads\/2020\/06\/sophie_schafleitner1_c_tina_herzl-scaled.jpg\" data-orig-src=\"https:\/\/alt2.klangforum.at\/wp-content\/uploads\/2020\/06\/sophie_schafleitner1_c_tina_herzl-200x300.jpg\" class=\"lazyload img-responsive wp-image-10662\" srcset=\"data:image\/svg+xml,%3Csvg%20xmlns%3D%27http%3A%2F%2Fwww.w3.org%2F2000%2Fsvg%27%20width%3D%271707%27%20height%3D%272560%27%20viewBox%3D%270%200%201707%202560%27%3E%3Crect%20width%3D%271707%27%20height%3D%272560%27%20fill-opacity%3D%220%22%2F%3E%3C%2Fsvg%3E\" data-srcset=\"https:\/\/alt2.klangforum.at\/wp-content\/uploads\/2020\/06\/sophie_schafleitner1_c_tina_herzl-200x300.jpg 200w, https:\/\/alt2.klangforum.at\/wp-content\/uploads\/2020\/06\/sophie_schafleitner1_c_tina_herzl-scaled.jpg 1707w\" data-sizes=\"auto\" data-orig-sizes=\"(max-width: 800px) 100vw, 200px\" \/><\/span><\/div><div class=\"fusion-text fusion-text-5\"><p><a href=\"https:\/\/alt2.klangforum.at\/en\/klangforum-wien-ensemble\/sophie-schafleitner-violin\/\">Sophie Schafleitner, violin<\/a><\/p>\n<\/div><\/div><style type=\"text\/css\">.fusion-body .fusion-builder-column-2{width:20% !important;margin-top : 0px;margin-bottom : 20px;}.fusion-builder-column-2 > .fusion-column-wrapper {padding-top : 0px !important;padding-right : 0px !important;margin-right : 9.6%;padding-bottom : 0px !important;padding-left : 0px !important;margin-left : 9.6%;}@media only screen and (max-width:1540px) {.fusion-body .fusion-builder-column-2{width:20% !important;order : 0;}.fusion-builder-column-2 > .fusion-column-wrapper {margin-right : 9.6%;margin-left : 9.6%;}}@media only screen and (max-width:800px) {.fusion-body .fusion-builder-column-2{width:100% !important;order : 0;}.fusion-builder-column-2 > .fusion-column-wrapper {margin-right : 1.92%;margin-left : 1.92%;}}<\/style><\/div><div class=\"fusion-layout-column fusion_builder_column fusion-builder-column-3 fusion_builder_column_1_5 1_5 fusion-flex-column\"><div class=\"fusion-column-wrapper fusion-flex-justify-content-flex-start fusion-content-layout-column\" style=\"background-position:left top;background-repeat:no-repeat;-webkit-background-size:cover;-moz-background-size:cover;-o-background-size:cover;background-size:cover;padding: 0px 0px 0px 0px;\"><div ><span class=\" fusion-imageframe imageframe-none imageframe-3 hover-type-none\"><img width=\"200\" height=\"300\" title=\"dimitrios_polisoidis1_c_tina_herzl\" src=\"https:\/\/alt2.klangforum.at\/wp-content\/uploads\/2020\/06\/dimitrios_polisoidis1_c_tina_herzl-scaled.jpg\" data-orig-src=\"https:\/\/alt2.klangforum.at\/wp-content\/uploads\/2020\/06\/dimitrios_polisoidis1_c_tina_herzl-200x300.jpg\" class=\"lazyload img-responsive wp-image-74\" srcset=\"data:image\/svg+xml,%3Csvg%20xmlns%3D%27http%3A%2F%2Fwww.w3.org%2F2000%2Fsvg%27%20width%3D%271707%27%20height%3D%272560%27%20viewBox%3D%270%200%201707%202560%27%3E%3Crect%20width%3D%271707%27%20height%3D%272560%27%20fill-opacity%3D%220%22%2F%3E%3C%2Fsvg%3E\" data-srcset=\"https:\/\/alt2.klangforum.at\/wp-content\/uploads\/2020\/06\/dimitrios_polisoidis1_c_tina_herzl-200x300.jpg 200w, https:\/\/alt2.klangforum.at\/wp-content\/uploads\/2020\/06\/dimitrios_polisoidis1_c_tina_herzl-scaled.jpg 1707w\" data-sizes=\"auto\" data-orig-sizes=\"(max-width: 800px) 100vw, 200px\" \/><\/span><\/div><div class=\"fusion-text fusion-text-6\"><p><a href=\"https:\/\/alt2.klangforum.at\/en\/klangforum-wien-ensemble\/dimitrios-polisoidis-viola\/\">Dimitrios Polisoidis, viola<\/a><\/p>\n<\/div><\/div><style type=\"text\/css\">.fusion-body .fusion-builder-column-3{width:20% !important;margin-top : 0px;margin-bottom : 20px;}.fusion-builder-column-3 > .fusion-column-wrapper {padding-top : 0px !important;padding-right : 0px !important;margin-right : 9.6%;padding-bottom : 0px !important;padding-left : 0px !important;margin-left : 9.6%;}@media only screen and (max-width:1540px) {.fusion-body .fusion-builder-column-3{width:20% !important;order : 0;}.fusion-builder-column-3 > .fusion-column-wrapper {margin-right : 9.6%;margin-left : 9.6%;}}@media only screen and (max-width:800px) {.fusion-body .fusion-builder-column-3{width:100% !important;order : 0;}.fusion-builder-column-3 > .fusion-column-wrapper {margin-right : 1.92%;margin-left : 1.92%;}}<\/style><\/div><div class=\"fusion-layout-column fusion_builder_column fusion-builder-column-4 fusion_builder_column_1_5 1_5 fusion-flex-column\"><div class=\"fusion-column-wrapper fusion-flex-justify-content-flex-start fusion-content-layout-column\" style=\"background-position:left top;background-repeat:no-repeat;-webkit-background-size:cover;-moz-background-size:cover;-o-background-size:cover;background-size:cover;padding: 0px 0px 0px 0px;\"><div ><span class=\" fusion-imageframe imageframe-none imageframe-4 hover-type-none\"><img width=\"200\" height=\"300\" title=\"gerald_preinfalk2_c_tina_herzl\" src=\"https:\/\/alt2.klangforum.at\/wp-content\/uploads\/2020\/06\/gerald_preinfalk2_c_tina_herzl-scaled.jpg\" data-orig-src=\"https:\/\/alt2.klangforum.at\/wp-content\/uploads\/2020\/06\/gerald_preinfalk2_c_tina_herzl-200x300.jpg\" class=\"lazyload img-responsive wp-image-75\" srcset=\"data:image\/svg+xml,%3Csvg%20xmlns%3D%27http%3A%2F%2Fwww.w3.org%2F2000%2Fsvg%27%20width%3D%271707%27%20height%3D%272560%27%20viewBox%3D%270%200%201707%202560%27%3E%3Crect%20width%3D%271707%27%20height%3D%272560%27%20fill-opacity%3D%220%22%2F%3E%3C%2Fsvg%3E\" data-srcset=\"https:\/\/alt2.klangforum.at\/wp-content\/uploads\/2020\/06\/gerald_preinfalk2_c_tina_herzl-200x300.jpg 200w, https:\/\/alt2.klangforum.at\/wp-content\/uploads\/2020\/06\/gerald_preinfalk2_c_tina_herzl-scaled.jpg 1707w\" data-sizes=\"auto\" data-orig-sizes=\"(max-width: 800px) 100vw, 200px\" \/><\/span><\/div><div class=\"fusion-text fusion-text-7\"><p><a href=\"https:\/\/alt2.klangforum.at\/en\/klangforum-wien-ensemble\/gerald-preinfalk-saxophone\/\">Gerald Preinfalk, saxophone<\/a><\/p>\n<\/div><\/div><style type=\"text\/css\">.fusion-body .fusion-builder-column-4{width:20% !important;margin-top : 0px;margin-bottom : 20px;}.fusion-builder-column-4 > .fusion-column-wrapper {padding-top : 0px !important;padding-right : 0px !important;margin-right : 9.6%;padding-bottom : 0px !important;padding-left : 0px !important;margin-left : 9.6%;}@media only screen and (max-width:1540px) {.fusion-body .fusion-builder-column-4{width:20% !important;order : 0;}.fusion-builder-column-4 > .fusion-column-wrapper {margin-right : 9.6%;margin-left : 9.6%;}}@media only screen and (max-width:800px) {.fusion-body .fusion-builder-column-4{width:100% !important;order : 0;}.fusion-builder-column-4 > .fusion-column-wrapper {margin-right : 1.92%;margin-left : 1.92%;}}<\/style><\/div><div class=\"fusion-layout-column fusion_builder_column fusion-builder-column-5 fusion_builder_column_1_5 1_5 fusion-flex-column\"><div class=\"fusion-column-wrapper fusion-flex-justify-content-flex-start fusion-content-layout-column\" style=\"background-position:left top;background-repeat:no-repeat;-webkit-background-size:cover;-moz-background-size:cover;-o-background-size:cover;background-size:cover;padding: 0px 0px 0px 0px;\"><div ><span class=\" fusion-imageframe imageframe-none imageframe-5 hover-type-none\"><img width=\"200\" height=\"300\" title=\"krassimir_sterev1_c_tina_herzl\" src=\"https:\/\/alt2.klangforum.at\/wp-content\/uploads\/2020\/06\/krassimir_sterev1_c_tina_herzl-scaled.jpg\" data-orig-src=\"https:\/\/alt2.klangforum.at\/wp-content\/uploads\/2020\/06\/krassimir_sterev1_c_tina_herzl-200x300.jpg\" class=\"lazyload img-responsive wp-image-79\" srcset=\"data:image\/svg+xml,%3Csvg%20xmlns%3D%27http%3A%2F%2Fwww.w3.org%2F2000%2Fsvg%27%20width%3D%271707%27%20height%3D%272560%27%20viewBox%3D%270%200%201707%202560%27%3E%3Crect%20width%3D%271707%27%20height%3D%272560%27%20fill-opacity%3D%220%22%2F%3E%3C%2Fsvg%3E\" data-srcset=\"https:\/\/alt2.klangforum.at\/wp-content\/uploads\/2020\/06\/krassimir_sterev1_c_tina_herzl-200x300.jpg 200w, https:\/\/alt2.klangforum.at\/wp-content\/uploads\/2020\/06\/krassimir_sterev1_c_tina_herzl-scaled.jpg 1707w\" data-sizes=\"auto\" data-orig-sizes=\"(max-width: 800px) 100vw, 200px\" \/><\/span><\/div><div class=\"fusion-text fusion-text-8\"><p><a href=\"https:\/\/alt2.klangforum.at\/en\/klangforum-wien-ensemble\/krassimir-sterev-accordeon\/\">Krassimir Sterev, accordion<\/a><\/p>\n<\/div><\/div><style type=\"text\/css\">.fusion-body .fusion-builder-column-5{width:20% !important;margin-top : 0px;margin-bottom : 20px;}.fusion-builder-column-5 > .fusion-column-wrapper {padding-top : 0px !important;padding-right : 0px !important;margin-right : 9.6%;padding-bottom : 0px !important;padding-left : 0px !important;margin-left : 9.6%;}@media only screen and (max-width:1540px) {.fusion-body .fusion-builder-column-5{width:20% !important;order : 0;}.fusion-builder-column-5 > .fusion-column-wrapper {margin-right : 9.6%;margin-left : 9.6%;}}@media only screen and (max-width:800px) {.fusion-body .fusion-builder-column-5{width:100% !important;order : 0;}.fusion-builder-column-5 > .fusion-column-wrapper {margin-right : 1.92%;margin-left : 1.92%;}}<\/style><\/div><\/div><style type=\"text\/css\">.fusion-body .fusion-flex-container.fusion-builder-row-2{ padding-top : 0px;margin-top : 0px;padding-right : 0px;padding-bottom : 0px;margin-bottom : 0px;padding-left : 0px;}<\/style><\/div><div class=\"fusion-fullwidth fullwidth-box fusion-builder-row-3 fusion-flex-container nonhundred-percent-fullwidth non-hundred-percent-height-scrolling\" style=\"background-color: #ffffff;background-position: center center;background-repeat: no-repeat;border-width: 0px 0px 0px 0px;border-color:#eae9e9;border-style:solid;\" ><div class=\"fusion-builder-row fusion-row fusion-flex-align-items-flex-start fusion-flex-justify-content-center\" style=\"max-width:98.8%;margin-left: calc(-4% \/ 2 );margin-right: calc(-4% \/ 2 );\"><div class=\"fusion-layout-column fusion_builder_column fusion-builder-column-6 fusion_builder_column_4_5 4_5 fusion-flex-column\"><div class=\"fusion-column-wrapper fusion-flex-justify-content-flex-start fusion-content-layout-column\" style=\"background-position:left top;background-repeat:no-repeat;-webkit-background-size:cover;-moz-background-size:cover;-o-background-size:cover;background-size:cover;padding: 0px 0px 0px 0px;\"><div class=\"fusion-text fusion-text-9\"><h2><\/h2>\n<h2>Performance Practice Contemporary Music (PPCM) Ensemble, KUG<\/h2>\n<h3>Gregory Chalier, flute<\/h3>\n<p><img class=\"lazyload  wp-image-10640 alignright\" src=\"data:image\/svg+xml,%3Csvg%20xmlns%3D%27http%3A%2F%2Fwww.w3.org%2F2000%2Fsvg%27%20width%3D%27254%27%20height%3D%27354%27%20viewBox%3D%270%200%20254%20354%27%3E%3Crect%20width%3D%27254%27%20height%3D%27354%27%20fill-opacity%3D%220%22%2F%3E%3C%2Fsvg%3E\" data-orig-src=\"https:\/\/alt2.klangforum.at\/wp-content\/uploads\/2022\/03\/Gregory-Challier.jpg\" alt=\"\" width=\"254\" height=\"354\" \/>Gregory began to play the flute at the age of 8 in Catherine Stutz\u2019s class in the Conservatoire de musique of Geneva.<\/p>\n<p>When he was 16 years old, Gregory took part in the preprofessional section of the Conservatoire de Musique of Geneva and played as first flute in several youth Orchestra.<\/p>\n<p>At 19 years Gregory entered Michel Bellavance\u2019s class in the Haute Ecole de Musique of Geneva. During five years, Gregory worked with Michel Bellavance and had the chance to play in Masterclasses for great flutists like Patrick Gallois, Emmanuel Pahud, Paolo Taballione and Andrea Lieberknecht. Gregory finished successfully his Master degree in June 2016 and studied since september 2019 with Adam Walker. Since spring 2021, he is a member of the PPCM with the Klangforum Wien and studies with Vera Fischer.<\/p>\n<p>Gregory is also very active as a chamber musician in a lot of different formations as a member of the Ensemble Hegoa. He played with musicians such as Adam Walker, Nora Cismondi, Raphael Christ, Fredrik Ekdahl and Dimitrios Polisoidis and in major European festivals such as Wien Modern, Impuls Festival or Festival Musica sull\u2019Acqua.<\/p>\n<h3>Elena Arbonies, clarinet<\/h3>\n<p><img class=\"lazyload  wp-image-10650 alignleft\" src=\"data:image\/svg+xml,%3Csvg%20xmlns%3D%27http%3A%2F%2Fwww.w3.org%2F2000%2Fsvg%27%20width%3D%27300%27%20height%3D%27421%27%20viewBox%3D%270%200%20300%20421%27%3E%3Crect%20width%3D%27300%27%20height%3D%27421%27%20fill-opacity%3D%220%22%2F%3E%3C%2Fsvg%3E\" data-orig-src=\"https:\/\/alt2.klangforum.at\/wp-content\/uploads\/2022\/03\/foto_edited.jpg\" alt=\"\" width=\"300\" height=\"421\" \/>Elena Arbonies comes from Durango, a town from the Basque Country, in the north of Spain. There she began her music and clarinet studies when she was 10: first as a hobby, and later as a passion. When she was 16, she had the opportunity to perform in a young orchestra, the reason why she decided to dedicate her life to music.<\/p>\n<p>She did her Bachelor clarinet studies in Musikene &#8211; San Sebasti\u00e1n (Spain) with Jos\u00e9 Luis Estell\u00e9s, Anthony Pay and bass clarinet with Henri Bok. After that, she went to Codarts &#8211; Rotterdam to continue with the Master studies under the guidance of Nancy Braithwaite. Now she is enrolled in the Master PPCM in Graz.<\/p>\n<p>Elena has performed in both young and professional orchestras and has offered clarinet recitals in Spain and the Netherlands. She has been awarded with the \u201c7th Young Basque Musicians Competition\u201d, the Scholarship for young musicians of Vizcaya (Spain), and has reached the final of the Grachtenfestival Conservatorium Concours and Prix D\u2019Harmonie Competition Rotterdam.<\/p>\n<p>She is currently interested in the connection between music and theater, and is involved in a music and theater project for children in the Basque Country (Spain), having performed in the music &amp; arts festivals Loraldia from Bilbao (Spain) and Quincena Musical de San Sebasti\u00e1n (Spain).<\/p>\n<h3><\/h3>\n<h3>Lea Moullet, violin<\/h3>\n<p><img class=\"lazyload  wp-image-10656 alignright\" src=\"data:image\/svg+xml,%3Csvg%20xmlns%3D%27http%3A%2F%2Fwww.w3.org%2F2000%2Fsvg%27%20width%3D%27306%27%20height%3D%27386%27%20viewBox%3D%270%200%20306%20386%27%3E%3Crect%20width%3D%27306%27%20height%3D%27386%27%20fill-opacity%3D%220%22%2F%3E%3C%2Fsvg%3E\" data-orig-src=\"https:\/\/alt2.klangforum.at\/wp-content\/uploads\/2022\/03\/Lea-Moullet-violin.jpg\" alt=\"\" width=\"306\" height=\"386\" \/>L\u00e9a Moullet is a violinist from Fribourg, at the French part of Switzerland.<br \/>\nAs a classical musician and teacher, she completed her studies at the Zurich University of the Arts at the class of Ulrich Gr\u00f6ner and Sergey Malov. There, she had the chance to discover contemporary music, Under the guidance of lecturers such as Lars Mlekusch, Martina Schucan and Rahel Cunz. Besides her studies, L\u00e9a has always done a lot of music improvisation. Besides her studies, L\u00e9a has always done a lot of music improvisation. As a student of Lucas Niggli, she gave master classes in free improvisation in Bangkok and Singapore as his assistant. She is a member of the Insub Meta Orchestra, the European orchestra for experimental and electroacoustic music, based in Switzerland.<\/p>\n<p>Passionate about art in all its forms, L\u00e9a has directed several transdisciplinary projects. One of the last projects was the film &#8220;Le Son du B\u00e9ton&#8221;, which was filmed for the Le Corbusier Pavilion in Zurich. \u200b<\/p>\n<p>In October 2020, L\u00e9a Moullet will start studying &#8220;Performance Practice in Contemporary Music&#8221; under the guidance of Klangforum Wien in Graz. L\u00e9a has worked with many composers, conductors and teachers, such as Matthias Pintscher, Helmut Lachenmann, Mark Andr\u00e9, Jos\u00e9 Maria S\u00e0nchez-Verd\u00f9, William Blank, Simeon Pironkoff, Peter Rundel, Ernst Kovacic, Clemens Merkel, Rahel Cunz, and many others.<\/p>\n<h3>Leo Morello, cello<\/h3>\n<p><img class=\"lazyload  wp-image-10658 alignleft\" src=\"data:image\/svg+xml,%3Csvg%20xmlns%3D%27http%3A%2F%2Fwww.w3.org%2F2000%2Fsvg%27%20width%3D%27320%27%20height%3D%27442%27%20viewBox%3D%270%200%20320%20442%27%3E%3Crect%20width%3D%27320%27%20height%3D%27442%27%20fill-opacity%3D%220%22%2F%3E%3C%2Fsvg%3E\" data-orig-src=\"https:\/\/alt2.klangforum.at\/wp-content\/uploads\/2022\/03\/leo_1310.jpeg\" alt=\"\" width=\"320\" height=\"442\" \/>Leo Morello, born 1994 in Italy, studies Performance Practice in Contemporary Music with Klangforum Wien at the Kunstuniversit\u00e4t Graz. He graduated as a Bachelor of Arts from the Mozarteum University of Salzburg, where he studied cello with Enrico Bronzi. In 2017 he studied in the class of Stephan Forck at the Hanns Eisler Music Academy in Berlin. Very important for his formation were also the encounters with Antonio Meneses, Andreas Lindenbaum, Francesco Dillon, Marino Formenti, Reinhard Goebel. \u200b<\/p>\n<p>He is a founding member of the New Art and Music Ensemble Salzburg, with whom he regularly performs in Europe. He also performed as a member of Klangforum Wien, Oenm Austrian Ensemble for New Music, WDR Sinfonieorchester, Maurice Quartet, Alter Ego Ensemble, International Ensemble Modern Academy, EUYO, Villa Musica Mainz and as principal cellist of the Orchestra del Teatro Comunale di Bologna.<\/p>\n<p>His interest towards contemporary music led him to numerous collaborations with renowned composers like Enno Poppe, Georg Friedrich Haas, Bernhard Gander, Simon Steen-Andersen, Gerd K\u00fchr, Achim Bornh\u00f6ft, Reinhard Febel, Matteo Franceschini, Jose Maria Sanchez Verdu, Jorge Sanchez Chiong, Klaus Lang, Marco Stroppa.<br \/>\nHe performed at Abu Dhabi Festival, Sydney Opera House, Klangspuren Schwaz, Megaron Thessaloniki, aDevangarde Festival, Daegu Contemporary Music Festival, Philarmony St. Petersburg, Impuls Festival Graz..<\/p>\n<\/div><\/div><style type=\"text\/css\">.fusion-body .fusion-builder-column-6{width:80% !important;margin-top : 0px;margin-bottom : 20px;}.fusion-builder-column-6 > .fusion-column-wrapper {padding-top : 0px !important;padding-right : 0px !important;margin-right : 2.4%;padding-bottom : 0px !important;padding-left : 0px !important;margin-left : 2.4%;}@media only screen and (max-width:1540px) {.fusion-body .fusion-builder-column-6{width:80% !important;order : 0;}.fusion-builder-column-6 > .fusion-column-wrapper {margin-right : 2.4%;margin-left : 2.4%;}}@media only screen and (max-width:800px) {.fusion-body .fusion-builder-column-6{width:100% !important;order : 0;}.fusion-builder-column-6 > .fusion-column-wrapper {margin-right : 1.92%;margin-left : 1.92%;}}<\/style><\/div><\/div><style type=\"text\/css\">.fusion-body .fusion-flex-container.fusion-builder-row-3{ padding-top : 0px;margin-top : 0px;padding-right : 0px;padding-bottom : 0px;margin-bottom : 0px;padding-left : 0px;}<\/style><\/div><div class=\"fusion-fullwidth fullwidth-box fusion-builder-row-4 fusion-flex-container nonhundred-percent-fullwidth non-hundred-percent-height-scrolling\" style=\"background-color: #ffffff;background-position: center center;background-repeat: no-repeat;border-width: 0px 0px 0px 0px;border-color:#eae9e9;border-style:solid;\" ><div class=\"fusion-builder-row fusion-row fusion-flex-align-items-flex-start fusion-flex-justify-content-center\" style=\"max-width:98.8%;margin-left: calc(-4% \/ 2 );margin-right: calc(-4% \/ 2 );\"><div class=\"fusion-layout-column fusion_builder_column fusion-builder-column-7 fusion_builder_column_4_5 4_5 fusion-flex-column\"><div class=\"fusion-column-wrapper fusion-flex-justify-content-flex-start fusion-content-layout-column\" style=\"background-position:left top;background-repeat:no-repeat;-webkit-background-size:cover;-moz-background-size:cover;-o-background-size:cover;background-size:cover;padding: 0px 0px 0px 0px;\"><div class=\"fusion-separator fusion-full-width-sep\" style=\"align-self: center;margin-left: auto;margin-right: auto;width:100%;\"><div class=\"fusion-separator-border sep-single sep-solid\" style=\"border-color:#e0dede;border-top-width:1px;\"><\/div><\/div><div class=\"fusion-text fusion-text-10\"><h6><strong>&gt;<\/strong> <a href=\"https:\/\/www.outhearnewmusic.com\">More about outHEAR New Musik Week <\/a><\/h6>\n<p>\u00a9 outHEAR New Music Week<\/p>\n<\/div><\/div><style type=\"text\/css\">.fusion-body .fusion-builder-column-7{width:80% !important;margin-top : 0px;margin-bottom : 20px;}.fusion-builder-column-7 > .fusion-column-wrapper {padding-top : 0px !important;padding-right : 0px !important;margin-right : 2.4%;padding-bottom : 0px !important;padding-left : 0px !important;margin-left : 2.4%;}@media only screen and (max-width:1540px) {.fusion-body .fusion-builder-column-7{width:80% !important;order : 0;}.fusion-builder-column-7 > .fusion-column-wrapper {margin-right : 2.4%;margin-left : 2.4%;}}@media only screen and (max-width:800px) {.fusion-body .fusion-builder-column-7{width:100% !important;order : 0;}.fusion-builder-column-7 > .fusion-column-wrapper {margin-right : 1.92%;margin-left : 1.92%;}}<\/style><\/div><\/div><style type=\"text\/css\">.fusion-body .fusion-flex-container.fusion-builder-row-4{ padding-top : 0px;margin-top : 0px;padding-right : 0px;padding-bottom : 0px;margin-bottom : 0px;padding-left : 0px;}<\/style><\/div><\/p>\n","protected":false},"excerpt":{"rendered":"","protected":false},"author":12,"featured_media":10674,"parent":3348,"menu_order":0,"comment_status":"closed","ping_status":"closed","template":"","meta":[],"acf":[],"yoast_head":"<!-- This site is optimized with the Yoast SEO plugin v15.7 - https:\/\/yoast.com\/wordpress\/plugins\/seo\/ -->\n<title>outHEAR New Music Week &mdash; Klangforum Wien<\/title>\n<meta name=\"description\" content=\"Members of Klangforum Wien take part in the outHEAR New Music Week \u2013 an international symposium for composition in Larissa, Greece.\" \/>\n<meta name=\"robots\" content=\"noindex, follow, max-snippet:-1, max-image-preview:large, max-video-preview:-1\" \/>\n<meta property=\"og:locale\" content=\"en_US\" \/>\n<meta property=\"og:type\" content=\"article\" \/>\n<meta property=\"og:title\" content=\"outHEAR New Music Week &mdash; Klangforum Wien\" \/>\n<meta property=\"og:description\" content=\"Members of Klangforum Wien take part in the outHEAR New Music Week \u2013 an international symposium for composition in Larissa, Greece.\" \/>\n<meta property=\"og:url\" content=\"https:\/\/alt2.klangforum.at\/en\/startseite\/know-how\/outhear-new-music-week\/\" \/>\n<meta property=\"og:site_name\" content=\"Klangforum Wien\" \/>\n<meta property=\"article:publisher\" content=\"https:\/\/www.facebook.com\/klangforumwien\/\" \/>\n<meta property=\"article:modified_time\" content=\"2022-04-08T14:21:02+00:00\" \/>\n<meta name=\"twitter:card\" content=\"summary_large_image\" \/>\n<meta name=\"twitter:image\" content=\"https:\/\/alt2.klangforum.at\/wp-content\/uploads\/2022\/03\/outhear.jpg\" \/>\n<meta name=\"twitter:site\" content=\"@klangforumwien\" \/>\n<meta name=\"twitter:label1\" content=\"Est. reading time\">\n\t<meta name=\"twitter:data1\" content=\"28 minutes\">\n<script type=\"application\/ld+json\" class=\"yoast-schema-graph\">{\"@context\":\"https:\/\/schema.org\",\"@graph\":[{\"@type\":\"Organization\",\"@id\":\"https:\/\/alt2.klangforum.at\/#organization\",\"name\":\"Klangforum Wien\",\"url\":\"https:\/\/alt2.klangforum.at\/\",\"sameAs\":[\"https:\/\/www.facebook.com\/klangforumwien\/\",\"https:\/\/www.instagram.com\/klangforum_wien\/\",\"https:\/\/www.linkedin.com\/in\/klangforum-wien-036a35250\/\",\"https:\/\/www.youtube.com\/user\/KlangforumWien\",\"https:\/\/en.wikipedia.org\/wiki\/Klangforum_Wien\",\"https:\/\/twitter.com\/klangforumwien\"],\"logo\":{\"@type\":\"ImageObject\",\"@id\":\"https:\/\/alt2.klangforum.at\/#logo\",\"inLanguage\":\"en-US\",\"url\":\"https:\/\/alt2.klangforum.at\/wp-content\/uploads\/2020\/08\/kf_type_c.png\",\"width\":1387,\"height\":210,\"caption\":\"Klangforum Wien\"},\"image\":{\"@id\":\"https:\/\/alt2.klangforum.at\/#logo\"}},{\"@type\":\"WebSite\",\"@id\":\"https:\/\/alt2.klangforum.at\/#website\",\"url\":\"https:\/\/alt2.klangforum.at\/\",\"name\":\"Klangforum Wien\",\"description\":\"\",\"publisher\":{\"@id\":\"https:\/\/alt2.klangforum.at\/#organization\"},\"potentialAction\":[{\"@type\":\"SearchAction\",\"target\":\"https:\/\/alt2.klangforum.at\/?s={search_term_string}\",\"query-input\":\"required name=search_term_string\"}],\"inLanguage\":\"en-US\"},{\"@type\":\"ImageObject\",\"@id\":\"https:\/\/alt2.klangforum.at\/en\/startseite\/know-how\/outhear-new-music-week\/#primaryimage\",\"inLanguage\":\"en-US\",\"url\":\"https:\/\/alt2.klangforum.at\/wp-content\/uploads\/2022\/03\/outhear.jpg\",\"width\":2598,\"height\":1268,\"caption\":\"\\u00a9 Kostas Mantziaris\"},{\"@type\":\"WebPage\",\"@id\":\"https:\/\/alt2.klangforum.at\/en\/startseite\/know-how\/outhear-new-music-week\/#webpage\",\"url\":\"https:\/\/alt2.klangforum.at\/en\/startseite\/know-how\/outhear-new-music-week\/\",\"name\":\"outHEAR New Music Week &mdash; Klangforum Wien\",\"isPartOf\":{\"@id\":\"https:\/\/alt2.klangforum.at\/#website\"},\"primaryImageOfPage\":{\"@id\":\"https:\/\/alt2.klangforum.at\/en\/startseite\/know-how\/outhear-new-music-week\/#primaryimage\"},\"datePublished\":\"2022-03-17T15:41:59+00:00\",\"dateModified\":\"2022-04-08T14:21:02+00:00\",\"description\":\"Members of Klangforum Wien take part in the outHEAR New Music Week \\u2013 an international symposium for composition in Larissa, Greece.\",\"inLanguage\":\"en-US\",\"potentialAction\":[{\"@type\":\"ReadAction\",\"target\":[\"https:\/\/alt2.klangforum.at\/en\/startseite\/know-how\/outhear-new-music-week\/\"]}]}]}<\/script>\n<!-- \/ Yoast SEO plugin. -->","_links":{"self":[{"href":"https:\/\/alt2.klangforum.at\/en\/wp-json\/wp\/v2\/pages\/10716"}],"collection":[{"href":"https:\/\/alt2.klangforum.at\/en\/wp-json\/wp\/v2\/pages"}],"about":[{"href":"https:\/\/alt2.klangforum.at\/en\/wp-json\/wp\/v2\/types\/page"}],"author":[{"embeddable":true,"href":"https:\/\/alt2.klangforum.at\/en\/wp-json\/wp\/v2\/users\/12"}],"replies":[{"embeddable":true,"href":"https:\/\/alt2.klangforum.at\/en\/wp-json\/wp\/v2\/comments?post=10716"}],"version-history":[{"count":12,"href":"https:\/\/alt2.klangforum.at\/en\/wp-json\/wp\/v2\/pages\/10716\/revisions"}],"predecessor-version":[{"id":11199,"href":"https:\/\/alt2.klangforum.at\/en\/wp-json\/wp\/v2\/pages\/10716\/revisions\/11199"}],"up":[{"embeddable":true,"href":"https:\/\/alt2.klangforum.at\/en\/wp-json\/wp\/v2\/pages\/3348"}],"wp:featuredmedia":[{"embeddable":true,"href":"https:\/\/alt2.klangforum.at\/en\/wp-json\/wp\/v2\/media\/10674"}],"wp:attachment":[{"href":"https:\/\/alt2.klangforum.at\/en\/wp-json\/wp\/v2\/media?parent=10716"}],"curies":[{"name":"wp","href":"https:\/\/api.w.org\/{rel}","templated":true}]}}